{"version":"1.0","provider_name":"Terje Aamodt Photography blog","provider_url":"https:\/\/www.terjeaamodt.com\/blog","author_name":"Terje Aamodt","author_url":"https:\/\/www.terjeaamodt.com\/blog\/author\/admin\/","title":"Om Fjell\u00f8peren Ola Hovdenak i Romsdal Budstikke | Terje Aamodt Photography blog","type":"rich","width":600,"height":338,"html":"<blockquote class=\"wp-embedded-content\" data-secret=\"RKDh8m6jzy\"><a href=\"https:\/\/www.terjeaamodt.com\/blog\/2014\/09\/27\/om-fjelloperen-ola-hovdenak-i-romsdal-budstikke\/\">Om Fjell\u00f8peren Ola Hovdenak i Romsdal Budstikke<\/a><\/blockquote><iframe sandbox=\"allow-scripts\" security=\"restricted\" src=\"https:\/\/www.terjeaamodt.com\/blog\/2014\/09\/27\/om-fjelloperen-ola-hovdenak-i-romsdal-budstikke\/embed\/#?secret=RKDh8m6jzy\" width=\"600\" height=\"338\" title=\"&laquo;Om Fjell\u00f8peren Ola Hovdenak i Romsdal Budstikke&raquo; &#8212; Terje Aamodt Photography blog\" data-secret=\"RKDh8m6jzy\" frameborder=\"0\" marginwidth=\"0\" marginheight=\"0\" scrolling=\"no\" class=\"wp-embedded-content\"><\/iframe><script type=\"text\/javascript\">\n\/* <![CDATA[ *\/\n\/*! This file is auto-generated *\/\n!function(d,l){\"use strict\";l.querySelector&&d.addEventListener&&\"undefined\"!=typeof URL&&(d.wp=d.wp||{},d.wp.receiveEmbedMessage||(d.wp.receiveEmbedMessage=function(e){var t=e.data;if((t||t.secret||t.message||t.value)&&!\/[^a-zA-Z0-9]\/.test(t.secret)){for(var s,r,n,a=l.querySelectorAll('iframe[data-secret=\"'+t.secret+'\"]'),o=l.querySelectorAll('blockquote[data-secret=\"'+t.secret+'\"]'),c=new RegExp(\"^https?:$\",\"i\"),i=0;i<o.length;i++)o[i].style.display=\"none\";for(i=0;i<a.length;i++)s=a[i],e.source===s.contentWindow&&(s.removeAttribute(\"style\"),\"height\"===t.message?(1e3<(r=parseInt(t.value,10))?r=1e3:~~r<200&&(r=200),s.height=r):\"link\"===t.message&&(r=new URL(s.getAttribute(\"src\")),n=new URL(t.value),c.test(n.protocol))&&n.host===r.host&&l.activeElement===s&&(d.top.location.href=t.value))}},d.addEventListener(\"message\",d.wp.receiveEmbedMessage,!1),l.addEventListener(\"DOMContentLoaded\",function(){for(var e,t,s=l.querySelectorAll(\"iframe.wp-embedded-content\"),r=0;r<s.length;r++)(t=(e=s[r]).getAttribute(\"data-secret\"))||(t=Math.random().toString(36).substring(2,12),e.src+=\"#?secret=\"+t,e.setAttribute(\"data-secret\",t)),e.contentWindow.postMessage({message:\"ready\",secret:t},\"*\")},!1)))}(window,document);\n\/\/# sourceURL=https:\/\/www.terjeaamodt.com\/blog\/wp-includes\/js\/wp-embed.min.js\n\/* ]]> *\/\n<\/script>\n","description":"Stor stas \u00e5 lese avisa i dag.. I dagens utgave av Romsdals Budstikke kan du lese om Fjell\u00f8peren Ola Hovdenak som l\u00f8per dere andre klatrer. Iver Gjelstenli har skrevet tekst, og bildene ble tatt p\u00e5 en tur sammen med Ola p\u00e5 Kongen og Bispen.","thumbnail_url":"http:\/\/www.terjeaamodt.com\/blog\/wp-content\/uploads\/2014\/09\/skyrunning_romsdalen_kongen_bispen_0001.jpg"}